{"id":8,"date":"2026-01-19T14:37:03","date_gmt":"2026-01-19T14:37:03","guid":{"rendered":"https:\/\/lille-audioprothesiste.com\/?page_id=8"},"modified":"2026-01-19T15:58:44","modified_gmt":"2026-01-19T15:58:44","slug":"accueil","status":"publish","type":"page","link":"https:\/\/lille-audioprothesiste.com\/","title":{"rendered":"Accueil"},"content":{"rendered":"\t\t<div data-elementor-type=\"wp-post\" data-elementor-id=\"8\" class=\"elementor elementor-8\">\n\t\t\t\t<div class=\"elementor-element elementor-element-f949915 e-flex e-con-boxed e-con e-parent\" data-id=\"f949915\" data-element_type=\"container\">\n\t\t\t\t\t<div class=\"e-con-inner\">\n\t\t\t\t<div class=\"elementor-element elementor-element-098e082 elementor-widget elementor-widget-spacer\" data-id=\"098e082\" data-element_type=\"widget\" data-widget_type=\"spacer.default\">\n\t\t\t\t\t\t\t<div class=\"elementor-spacer\">\n\t\t\t<div class=\"elementor-spacer-inner\"><\/div>\n\t\t<\/div>\n\t\t\t\t\t\t<\/div>\n\t\t\t\t\t<\/div>\n\t\t\t\t<\/div>\n\t\t<div class=\"elementor-element elementor-element-f8182ef e-flex e-con-boxed e-con e-parent\" data-id=\"f8182ef\" data-element_type=\"container\">\n\t\t\t\t\t<div class=\"e-con-inner\">\n\t\t\t\t<div class=\"elementor-element elementor-element-1feb148 elementor-widget elementor-widget-heading\" data-id=\"1feb148\" data-element_type=\"widget\" data-widget_type=\"heading.default\">\n\t\t\t\t\t<h1 class=\"elementor-heading-title elementor-size-default\">Audioproth\u00e9siste \u00e0 Lille \u2013 Appareils auditifs &amp; bilan auditif<\/h1>\t\t\t\t<\/div>\n\t\t\t\t<div class=\"elementor-element elementor-element-bd8114d elementor-widget elementor-widget-text-editor\" data-id=\"bd8114d\" data-element_type=\"widget\" data-widget_type=\"text-editor.default\">\n\t\t\t\t\t\t\t\t\t<p>Retrouvez une <strong data-start=\"570\" data-end=\"615\">expertise audioproth\u00e9tique de haut niveau<\/strong> au c\u0153ur de Lille, avec un accompagnement personnalis\u00e9 pour le choix, l\u2019adaptation et le suivi de vos appareils auditifs.<br data-start=\"736\" data-end=\"739\" \/>Notre centre auditif accueille adultes et seniors pour un <strong data-start=\"797\" data-end=\"825\">parcours de soins fiable<\/strong>, pr\u00e9cis et confortable, dans un environnement moderne.<\/p>\t\t\t\t\t\t\t\t<\/div>\n\t\t\t\t\t<\/div>\n\t\t\t\t<\/div>\n\t\t<div class=\"elementor-element elementor-element-ecc49a0 e-flex e-con-boxed e-con e-parent\" data-id=\"ecc49a0\" data-element_type=\"container\">\n\t\t\t\t\t<div class=\"e-con-inner\">\n\t\t<div class=\"elementor-element elementor-element-eb2fcd3 e-con-full e-flex e-con e-child\" data-id=\"eb2fcd3\" data-element_type=\"container\">\n\t\t\t\t<div class=\"elementor-element elementor-element-fb37848 elementor-widget elementor-widget-heading\" data-id=\"fb37848\" data-element_type=\"widget\" data-widget_type=\"heading.default\">\n\t\t\t\t\t<h2 class=\"elementor-heading-title elementor-size-default\">Centre auditif \u00e0 Lille (59000)<\/h2>\t\t\t\t<\/div>\n\t\t\t\t<div class=\"elementor-element elementor-element-a200fc9 elementor-widget elementor-widget-text-editor\" data-id=\"a200fc9\" data-element_type=\"widget\" data-widget_type=\"text-editor.default\">\n\t\t\t\t\t\t\t\t\t<p>Situ\u00e9 <strong data-start=\"937\" data-end=\"971\">187 Avenue de Dunkerque, Lille<\/strong>, notre centre auditif b\u00e9n\u00e9ficie d\u2019un acc\u00e8s pratique depuis l\u2019hypercentre, Saint-Andr\u00e9-lez-Lille, Lambersart, La Madeleine et Marcq-en-Bar\u0153ul.<br data-start=\"1113\" data-end=\"1116\" \/>Proche du r\u00e9seau de transports, il constitue un <strong data-start=\"1164\" data-end=\"1196\">point de proximit\u00e9 essentiel<\/strong> pour les Lillois souhaitant b\u00e9n\u00e9ficier d\u2019un \u00e9quipement auditif de qualit\u00e9.<\/p>\t\t\t\t\t\t\t\t<\/div>\n\t\t\t\t<div class=\"elementor-element elementor-element-e49faed elementor-align-center elementor-widget elementor-widget-button\" data-id=\"e49faed\" data-element_type=\"widget\" data-widget_type=\"button.default\">\n\t\t\t\t\t\t\t\t\t\t<a class=\"elementor-button elementor-button-link elementor-size-sm\" href=\"https:\/\/www.doctolib.fr\/centre-auditif\/lille\/audio-2000-lille\">\n\t\t\t\t\t\t<span class=\"elementor-button-content-wrapper\">\n\t\t\t\t\t\t\t\t\t<span class=\"elementor-button-text\">Prendre Rendez-vous<\/span>\n\t\t\t\t\t<\/span>\n\t\t\t\t\t<\/a>\n\t\t\t\t\t\t\t\t<\/div>\n\t\t\t\t<\/div>\n\t\t<div class=\"elementor-element elementor-element-05e4160 e-con-full e-flex e-con e-child\" data-id=\"05e4160\" data-element_type=\"container\">\n\t\t\t\t<div class=\"elementor-element elementor-element-6c6d50e elementor-widget elementor-widget-image\" data-id=\"6c6d50e\" data-element_type=\"widget\" data-widget_type=\"image.default\">\n\t\t\t\t\t\t\t\t\t\t\t\t\t\t\t<img fetchpriority=\"high\" decoding=\"async\" width=\"800\" height=\"533\" src=\"https:\/\/lille-audioprothesiste.com\/wp-content\/uploads\/2026\/01\/audioprothesiste-sur-Lille-et-Lambersart-1024x682.jpg\" class=\"attachment-large size-large wp-image-43\" alt=\"Manipulation d\u2019un appareil auditif dans un centre auditif \u00e0 Lille\" srcset=\"https:\/\/lille-audioprothesiste.com\/wp-content\/uploads\/2026\/01\/audioprothesiste-sur-Lille-et-Lambersart-1024x682.jpg 1024w, https:\/\/lille-audioprothesiste.com\/wp-content\/uploads\/2026\/01\/audioprothesiste-sur-Lille-et-Lambersart-300x200.jpg 300w, https:\/\/lille-audioprothesiste.com\/wp-content\/uploads\/2026\/01\/audioprothesiste-sur-Lille-et-Lambersart-768x512.jpg 768w, https:\/\/lille-audioprothesiste.com\/wp-content\/uploads\/2026\/01\/audioprothesiste-sur-Lille-et-Lambersart.jpg 1280w\" sizes=\"(max-width: 800px) 100vw, 800px\" \/>\t\t\t\t\t\t\t\t\t\t\t\t\t\t\t<\/div>\n\t\t\t\t<\/div>\n\t\t\t\t\t<\/div>\n\t\t\t\t<\/div>\n\t\t<div class=\"elementor-element elementor-element-30d714e e-flex e-con-boxed e-con e-parent\" data-id=\"30d714e\" data-element_type=\"container\">\n\t\t\t\t\t<div class=\"e-con-inner\">\n\t\t<div class=\"elementor-element elementor-element-1ce6c96 e-con-full e-flex e-con e-child\" data-id=\"1ce6c96\" data-element_type=\"container\">\n\t\t\t\t<div class=\"elementor-element elementor-element-82701c5 elementor-widget elementor-widget-image\" data-id=\"82701c5\" data-element_type=\"widget\" data-widget_type=\"image.default\">\n\t\t\t\t\t\t\t\t\t\t\t\t\t\t\t<img decoding=\"async\" width=\"800\" height=\"532\" src=\"https:\/\/lille-audioprothesiste.com\/wp-content\/uploads\/2026\/01\/audioprothesiste-lille-1024x681.jpg\" class=\"attachment-large size-large wp-image-42\" alt=\"Illustration de l\u2019\u00e9coute et du bilan auditif chez un audioproth\u00e9siste \u00e0 Lille\" srcset=\"https:\/\/lille-audioprothesiste.com\/wp-content\/uploads\/2026\/01\/audioprothesiste-lille-1024x681.jpg 1024w, https:\/\/lille-audioprothesiste.com\/wp-content\/uploads\/2026\/01\/audioprothesiste-lille-300x199.jpg 300w, https:\/\/lille-audioprothesiste.com\/wp-content\/uploads\/2026\/01\/audioprothesiste-lille-768x511.jpg 768w, https:\/\/lille-audioprothesiste.com\/wp-content\/uploads\/2026\/01\/audioprothesiste-lille.jpg 1280w\" sizes=\"(max-width: 800px) 100vw, 800px\" \/>\t\t\t\t\t\t\t\t\t\t\t\t\t\t\t<\/div>\n\t\t\t\t<\/div>\n\t\t<div class=\"elementor-element elementor-element-29015c0 e-con-full e-flex e-con e-child\" data-id=\"29015c0\" data-element_type=\"container\">\n\t\t\t\t<div class=\"elementor-element elementor-element-17621c9 elementor-widget elementor-widget-heading\" data-id=\"17621c9\" data-element_type=\"widget\" data-widget_type=\"heading.default\">\n\t\t\t\t\t<h2 class=\"elementor-heading-title elementor-size-default\">Bilan auditif &amp; essai d\u2019appareils<\/h2>\t\t\t\t<\/div>\n\t\t\t\t<div class=\"elementor-element elementor-element-a5b8afc elementor-widget elementor-widget-text-editor\" data-id=\"a5b8afc\" data-element_type=\"widget\" data-widget_type=\"text-editor.default\">\n\t\t\t\t\t\t\t\t\t<p data-start=\"1325\" data-end=\"1632\">Nous r\u00e9alisons sur place un <strong data-start=\"1353\" data-end=\"1378\">bilan auditif complet<\/strong>, permettant d\u2019\u00e9valuer votre niveau de perte auditive et de d\u00e9finir la solution la plus adapt\u00e9e \u00e0 votre confort.<br data-start=\"1490\" data-end=\"1493\" \/>Suite \u00e0 ce diagnostic, une <strong data-start=\"1520\" data-end=\"1549\">phase d\u2019essai d\u2019appareils<\/strong> vous permet de tester les mod\u00e8les en conditions r\u00e9elles afin d\u2019affiner le r\u00e9glage.<\/p><blockquote data-start=\"1634\" data-end=\"1733\"><p data-start=\"1636\" data-end=\"1733\"><strong data-start=\"1636\" data-end=\"1650\">Objectif :<\/strong> un appareillage confortable + un gain auditif optimal + un accompagnement durable.<\/p><\/blockquote>\t\t\t\t\t\t\t\t<\/div>\n\t\t\t\t<div class=\"elementor-element elementor-element-0efafe3 elementor-align-center elementor-widget elementor-widget-button\" data-id=\"0efafe3\" data-element_type=\"widget\" data-widget_type=\"button.default\">\n\t\t\t\t\t\t\t\t\t\t<a class=\"elementor-button elementor-button-link elementor-size-sm\" href=\"https:\/\/audioprothesiste.audio2000.fr\/hauts-de-france\/nord\/lille\/audioprothesiste-lille-appareils-auditifs-centre-auditif-audio-2000-229?q=Lille%2C%20France&#038;p=50.624378%2C3.0678588&#038;s=geocoder&#038;b=50.6008997%2C2.967992%2C50.6612615%2C3.1256883&#038;__xhr=1#contact_form\">\n\t\t\t\t\t\t<span class=\"elementor-button-content-wrapper\">\n\t\t\t\t\t\t\t\t\t<span class=\"elementor-button-text\">Demander un bilan auditif<\/span>\n\t\t\t\t\t<\/span>\n\t\t\t\t\t<\/a>\n\t\t\t\t\t\t\t\t<\/div>\n\t\t\t\t<\/div>\n\t\t\t\t\t<\/div>\n\t\t\t\t<\/div>\n\t\t<div class=\"elementor-element elementor-element-730c7dc e-flex e-con-boxed e-con e-parent\" data-id=\"730c7dc\" data-element_type=\"container\" data-settings=\"{&quot;background_background&quot;:&quot;classic&quot;}\">\n\t\t\t\t\t<div class=\"e-con-inner\">\n\t\t\t\t<div class=\"elementor-element elementor-element-0da7a50 elementor-widget elementor-widget-heading\" data-id=\"0da7a50\" data-element_type=\"widget\" data-widget_type=\"heading.default\">\n\t\t\t\t\t<h2 class=\"elementor-heading-title elementor-size-default\">Appareils auditifs premium &amp; technologies r\u00e9centes<\/h2>\t\t\t\t<\/div>\n\t\t\t\t<div class=\"elementor-element elementor-element-678b7bc elementor-widget elementor-widget-text-editor\" data-id=\"678b7bc\" data-element_type=\"widget\" data-widget_type=\"text-editor.default\">\n\t\t\t\t\t\t\t\t\t<p style=\"text-align: center;\" data-start=\"1804\" data-end=\"2097\">Notre expertise repose sur une s\u00e9lection de <strong data-start=\"1848\" data-end=\"1875\">marques internationales<\/strong> et de <strong data-start=\"1882\" data-end=\"1912\">technologies haut de gamme<\/strong> :<br data-start=\"1914\" data-end=\"1917\" \/>\u2714 miniaturisation<br data-start=\"1934\" data-end=\"1937\" \/>\u2714 rechargeables<br data-start=\"1952\" data-end=\"1955\" \/>\u2714 mod\u00e8les invisibles<br data-start=\"1975\" data-end=\"1978\" \/>\u2714 appareils connect\u00e9s<br data-start=\"1999\" data-end=\"2002\" \/>\u2714 r\u00e9duction active du bruit et des acouph\u00e8nes<br data-start=\"2047\" data-end=\"2050\" \/>\u2714 optimisation de la compr\u00e9hension de la parole<\/p><p style=\"text-align: center;\" data-start=\"2099\" data-end=\"2201\">Chaque mod\u00e8le est <strong data-start=\"2117\" data-end=\"2149\">adapt\u00e9 \u00e0 votre profil sonore<\/strong>, \u00e0 votre mode de vie et \u00e0 vos attentes esth\u00e9tiques.<\/p>\t\t\t\t\t\t\t\t<\/div>\n\t\t\t\t\t<\/div>\n\t\t\t\t<\/div>\n\t\t<div class=\"elementor-element elementor-element-6f8d83e e-flex e-con-boxed e-con e-parent\" data-id=\"6f8d83e\" data-element_type=\"container\">\n\t\t\t\t\t<div class=\"e-con-inner\">\n\t\t<div class=\"elementor-element elementor-element-56a7811 e-con-full e-flex e-con e-child\" data-id=\"56a7811\" data-element_type=\"container\">\n\t\t\t\t<div class=\"elementor-element elementor-element-2696d03 elementor-widget elementor-widget-heading\" data-id=\"2696d03\" data-element_type=\"widget\" data-widget_type=\"heading.default\">\n\t\t\t\t\t<h2 class=\"elementor-heading-title elementor-size-default\">Adaptation, r\u00e9glage &amp; suivi audioproth\u00e9tique<\/h2>\t\t\t\t<\/div>\n\t\t\t\t<div class=\"elementor-element elementor-element-aa8a4fb elementor-widget elementor-widget-text-editor\" data-id=\"aa8a4fb\" data-element_type=\"widget\" data-widget_type=\"text-editor.default\">\n\t\t\t\t\t\t\t\t\t<p data-start=\"2266\" data-end=\"2383\">L\u2019efficacit\u00e9 d\u2019un appareil auditif repose sur <strong data-start=\"2312\" data-end=\"2338\">le suivi dans la dur\u00e9e<\/strong>.<br data-start=\"2339\" data-end=\"2342\" \/>Notre m\u00e9thode d\u2019accompagnement comprend :<\/p><ul data-start=\"2385\" data-end=\"2528\"><li data-start=\"2385\" data-end=\"2420\"><p data-start=\"2387\" data-end=\"2420\">analyse de l\u2019environnement sonore<\/p><\/li><li data-start=\"2421\" data-end=\"2443\"><p data-start=\"2423\" data-end=\"2443\">r\u00e9glages progressifs<\/p><\/li><li data-start=\"2444\" data-end=\"2465\"><p data-start=\"2446\" data-end=\"2465\">s\u00e9ances de contr\u00f4le<\/p><\/li><li data-start=\"2466\" data-end=\"2491\"><p data-start=\"2468\" data-end=\"2491\">optimisation du confort<\/p><\/li><li data-start=\"2492\" data-end=\"2528\"><p data-start=\"2494\" data-end=\"2528\">entretiens &amp; entretien du mat\u00e9riel<\/p><\/li><\/ul><p data-start=\"2530\" data-end=\"2607\">Ce suivi garantit une adaptation p\u00e9renne et une meilleure qualit\u00e9 d\u2019audition.<\/p>\t\t\t\t\t\t\t\t<\/div>\n\t\t\t\t<div class=\"elementor-element elementor-element-bb8e268 elementor-align-center elementor-widget elementor-widget-button\" data-id=\"bb8e268\" data-element_type=\"widget\" data-widget_type=\"button.default\">\n\t\t\t\t\t\t\t\t\t\t<a class=\"elementor-button elementor-button-link elementor-size-sm\" href=\"https:\/\/www.audio2000.fr\/nos-services\/\">\n\t\t\t\t\t\t<span class=\"elementor-button-content-wrapper\">\n\t\t\t\t\t\t\t\t\t<span class=\"elementor-button-text\">Essai gratuit<\/span>\n\t\t\t\t\t<\/span>\n\t\t\t\t\t<\/a>\n\t\t\t\t\t\t\t\t<\/div>\n\t\t\t\t<\/div>\n\t\t<div class=\"elementor-element elementor-element-19e7d32 e-con-full e-flex e-con e-child\" data-id=\"19e7d32\" data-element_type=\"container\">\n\t\t\t\t<div class=\"elementor-element elementor-element-d72c18c elementor-widget elementor-widget-image\" data-id=\"d72c18c\" data-element_type=\"widget\" data-widget_type=\"image.default\">\n\t\t\t\t\t\t\t\t\t\t\t\t\t\t\t<img decoding=\"async\" width=\"800\" height=\"533\" src=\"https:\/\/lille-audioprothesiste.com\/wp-content\/uploads\/2026\/01\/appareil-auditif-lille-1024x682.jpg\" class=\"attachment-large size-large wp-image-41\" alt=\"Appareil auditif manipul\u00e9 lors d\u2019un r\u00e9glage chez un audioproth\u00e9siste \u00e0 Lille\" srcset=\"https:\/\/lille-audioprothesiste.com\/wp-content\/uploads\/2026\/01\/appareil-auditif-lille-1024x682.jpg 1024w, https:\/\/lille-audioprothesiste.com\/wp-content\/uploads\/2026\/01\/appareil-auditif-lille-300x200.jpg 300w, https:\/\/lille-audioprothesiste.com\/wp-content\/uploads\/2026\/01\/appareil-auditif-lille-768x511.jpg 768w, https:\/\/lille-audioprothesiste.com\/wp-content\/uploads\/2026\/01\/appareil-auditif-lille.jpg 1280w\" sizes=\"(max-width: 800px) 100vw, 800px\" \/>\t\t\t\t\t\t\t\t\t\t\t\t\t\t\t<\/div>\n\t\t\t\t<\/div>\n\t\t\t\t\t<\/div>\n\t\t\t\t<\/div>\n\t\t<div class=\"elementor-element elementor-element-0a8eb7f e-flex e-con-boxed e-con e-parent\" data-id=\"0a8eb7f\" data-element_type=\"container\">\n\t\t\t\t\t<div class=\"e-con-inner\">\n\t\t<div class=\"elementor-element elementor-element-21a8a9c e-con-full e-flex e-con e-child\" data-id=\"21a8a9c\" data-element_type=\"container\">\n\t\t\t\t<div class=\"elementor-element elementor-element-a010711 elementor-widget elementor-widget-image\" data-id=\"a010711\" data-element_type=\"widget\" data-widget_type=\"image.default\">\n\t\t\t\t\t\t\t\t\t\t\t\t\t\t\t<img loading=\"lazy\" decoding=\"async\" width=\"800\" height=\"533\" src=\"https:\/\/lille-audioprothesiste.com\/wp-content\/uploads\/2026\/01\/centre-auditif-lille-1024x682.jpg\" class=\"attachment-large size-large wp-image-40\" alt=\"Appareils auditifs premium et bo\u00eetier, pr\u00e9sent\u00e9s dans un centre auditif \u00e0 Lille\" srcset=\"https:\/\/lille-audioprothesiste.com\/wp-content\/uploads\/2026\/01\/centre-auditif-lille-1024x682.jpg 1024w, https:\/\/lille-audioprothesiste.com\/wp-content\/uploads\/2026\/01\/centre-auditif-lille-300x200.jpg 300w, https:\/\/lille-audioprothesiste.com\/wp-content\/uploads\/2026\/01\/centre-auditif-lille-768x512.jpg 768w, https:\/\/lille-audioprothesiste.com\/wp-content\/uploads\/2026\/01\/centre-auditif-lille.jpg 1280w\" sizes=\"(max-width: 800px) 100vw, 800px\" \/>\t\t\t\t\t\t\t\t\t\t\t\t\t\t\t<\/div>\n\t\t\t\t<\/div>\n\t\t<div class=\"elementor-element elementor-element-2e0f5f5 e-con-full e-flex e-con e-child\" data-id=\"2e0f5f5\" data-element_type=\"container\">\n\t\t\t\t<div class=\"elementor-element elementor-element-9edf6c2 elementor-widget elementor-widget-heading\" data-id=\"9edf6c2\" data-element_type=\"widget\" data-widget_type=\"heading.default\">\n\t\t\t\t\t<h2 class=\"elementor-heading-title elementor-size-default\">Prix, remboursements &amp; 100% Sant\u00e9<\/h2>\t\t\t\t<\/div>\n\t\t\t\t<div class=\"elementor-element elementor-element-cccb88f elementor-widget elementor-widget-text-editor\" data-id=\"cccb88f\" data-element_type=\"widget\" data-widget_type=\"text-editor.default\">\n\t\t\t\t\t\t\t\t\t<p data-start=\"2661\" data-end=\"2843\">Nous appliquons l\u2019int\u00e9gralit\u00e9 des dispositifs li\u00e9s au <strong data-start=\"2715\" data-end=\"2729\">100% Sant\u00e9<\/strong>, au <strong data-start=\"2734\" data-end=\"2750\">tiers payant<\/strong> et aux <strong data-start=\"2758\" data-end=\"2771\">mutuelles<\/strong>, permettant un reste \u00e0 charge <strong data-start=\"2802\" data-end=\"2821\">nul ou ma\u00eetris\u00e9<\/strong> selon les situations.<\/p><p data-start=\"2845\" data-end=\"2922\">\ud83d\udca0 <strong data-start=\"2848\" data-end=\"2871\">100% Sant\u00e9 Audition<\/strong><br data-start=\"2871\" data-end=\"2874\" \/>\u2192 acc\u00e8s \u00e0 des mod\u00e8les enti\u00e8rement pris en charge<\/p><p data-start=\"2924\" data-end=\"2976\">\ud83d\udca0 <strong data-start=\"2927\" data-end=\"2950\">Tiers payant mutuel<\/strong><br data-start=\"2950\" data-end=\"2953\" \/>\u2192 pas d\u2019avance de frais<\/p><p data-start=\"2978\" data-end=\"3052\">\ud83d\udca0 <strong data-start=\"2981\" data-end=\"3018\">Mutuelles &amp; compl\u00e9mentaires sant\u00e9<\/strong><br data-start=\"3018\" data-end=\"3021\" \/>\u2192 prise en charge selon contrat<\/p><p data-start=\"3054\" data-end=\"3152\">\ud83d\udca0 <strong data-start=\"3057\" data-end=\"3078\">Solutions premium<\/strong><br data-start=\"3078\" data-end=\"3081\" \/>\u2192 mod\u00e8les haut de gamme pour un confort auditif et esth\u00e9tique sup\u00e9rieur<\/p><blockquote data-start=\"3154\" data-end=\"3271\"><p data-start=\"3156\" data-end=\"3271\">Notre r\u00f4le : vous conseiller avec transparence, en tenant compte du <strong data-start=\"3224\" data-end=\"3270\">rapport performance \/ confort \/ esth\u00e9tique<\/strong>.<\/p><\/blockquote>\t\t\t\t\t\t\t\t<\/div>\n\t\t\t\t<\/div>\n\t\t\t\t\t<\/div>\n\t\t\t\t<\/div>\n\t\t<div class=\"elementor-element elementor-element-b1a7374 e-flex e-con-boxed e-con e-parent\" data-id=\"b1a7374\" data-element_type=\"container\">\n\t\t\t\t\t<div class=\"e-con-inner\">\n\t\t<div class=\"elementor-element elementor-element-eab38b4 e-con-full e-flex e-con e-child\" data-id=\"eab38b4\" data-element_type=\"container\">\n\t\t\t\t<div class=\"elementor-element elementor-element-257a4a9 elementor-widget elementor-widget-heading\" data-id=\"257a4a9\" data-element_type=\"widget\" data-widget_type=\"heading.default\">\n\t\t\t\t\t<h2 class=\"elementor-heading-title elementor-size-default\">Pourquoi nous choisir ?<\/h2>\t\t\t\t<\/div>\n\t\t\t\t<div class=\"elementor-element elementor-element-5bf63d3 elementor-widget elementor-widget-text-editor\" data-id=\"5bf63d3\" data-element_type=\"widget\" data-widget_type=\"text-editor.default\">\n\t\t\t\t\t\t\t\t\t<p>\u2714 expertise audioproth\u00e9tique &amp; approche premium<br data-start=\"3362\" data-end=\"3365\" \/>\u2714 technologies auditives avanc\u00e9es<br data-start=\"3398\" data-end=\"3401\" \/>\u2714 centre \u00e0 taille humaine &amp; suivi personnalis\u00e9<br data-start=\"3447\" data-end=\"3450\" \/>\u2714 accompagnement seniors &amp; actifs<br data-start=\"3483\" data-end=\"3486\" \/>\u2714 flexibilit\u00e9 financi\u00e8re (mutuelles, 100% sant\u00e9, tiers payant)<br data-start=\"3548\" data-end=\"3551\" \/>\u2714 exigence sur le confort auditif<br data-start=\"3584\" data-end=\"3587\" \/>\u2714 confidentialit\u00e9 &amp; \u00e9coute<\/p>\t\t\t\t\t\t\t\t<\/div>\n\t\t\t\t<\/div>\n\t\t<div class=\"elementor-element elementor-element-1b7a8e8 e-con-full e-flex e-con e-child\" data-id=\"1b7a8e8\" data-element_type=\"container\">\n\t\t\t\t<div class=\"elementor-element elementor-element-4aa2fad elementor-widget elementor-widget-heading\" data-id=\"4aa2fad\" data-element_type=\"widget\" data-widget_type=\"heading.default\">\n\t\t\t\t\t<h2 class=\"elementor-heading-title elementor-size-default\">Infos pratiques<\/h2>\t\t\t\t<\/div>\n\t\t\t\t<div class=\"elementor-element elementor-element-1a3491e elementor-widget elementor-widget-text-editor\" data-id=\"1a3491e\" data-element_type=\"widget\" data-widget_type=\"text-editor.default\">\n\t\t\t\t\t\t\t\t\t<p data-start=\"3649\" data-end=\"3836\">\ud83d\udccd <strong data-start=\"3652\" data-end=\"3665\">Adresse :<\/strong> 187 Avenue de Dunkerque, 59000 Lille<br data-start=\"3702\" data-end=\"3705\" \/>\ud83d\ude87 Accessible en transports<br data-start=\"3732\" data-end=\"3735\" \/>\ud83c\udd7f Parkings \u00e0 proximit\u00e9<br data-start=\"3758\" data-end=\"3761\" \/>\ud83d\udcc6 Sur rendez-vous<br data-start=\"3779\" data-end=\"3782\" \/>\u260e Contact<br data-start=\"3791\" data-end=\"3794\" \/>\ud83d\udce9 Prise de RDV par t\u00e9l\u00e9phone ou au centre<\/p>\t\t\t\t\t\t\t\t<\/div>\n\t\t\t\t<\/div>\n\t\t\t\t\t<\/div>\n\t\t\t\t<\/div>\n\t\t<div class=\"elementor-element elementor-element-3c322d6 e-flex e-con-boxed e-con e-parent\" data-id=\"3c322d6\" data-element_type=\"container\">\n\t\t\t\t\t<div class=\"e-con-inner\">\n\t\t\t\t<div class=\"elementor-element elementor-element-ab1e899 elementor-align-center elementor-widget elementor-widget-button\" data-id=\"ab1e899\" data-element_type=\"widget\" data-widget_type=\"button.default\">\n\t\t\t\t\t\t\t\t\t\t<a class=\"elementor-button elementor-button-link elementor-size-sm\" href=\"https:\/\/audioprothesiste.audio2000.fr\/hauts-de-france\/nord\/lille\/audioprothesiste-lille-appareils-auditifs-centre-auditif-audio-2000-229?q=Lille%2C%20France&#038;p=50.624378%2C3.0678588&#038;s=geocoder&#038;b=50.6008997%2C2.967992%2C50.6612615%2C3.1256883&#038;__xhr=1#contact_form\">\n\t\t\t\t\t\t<span class=\"elementor-button-content-wrapper\">\n\t\t\t\t\t\t\t\t\t<span class=\"elementor-button-text\">Contactez-nous<\/span>\n\t\t\t\t\t<\/span>\n\t\t\t\t\t<\/a>\n\t\t\t\t\t\t\t\t<\/div>\n\t\t\t\t\t<\/div>\n\t\t\t\t<\/div>\n\t\t<div class=\"elementor-element elementor-element-dad9d13 e-flex e-con-boxed e-con e-parent\" data-id=\"dad9d13\" data-element_type=\"container\">\n\t\t\t\t\t<div class=\"e-con-inner\">\n\t\t\t\t<div class=\"elementor-element elementor-element-70bbdb1 elementor-widget elementor-widget-heading\" data-id=\"70bbdb1\" data-element_type=\"widget\" data-widget_type=\"heading.default\">\n\t\t\t\t\t<h2 class=\"elementor-heading-title elementor-size-default\">FAQ<\/h2>\t\t\t\t<\/div>\n\t\t\t\t<div class=\"elementor-element elementor-element-6b10e69 elementor-widget elementor-widget-n-accordion\" data-id=\"6b10e69\" data-element_type=\"widget\" data-settings=\"{&quot;default_state&quot;:&quot;expanded&quot;,&quot;max_items_expended&quot;:&quot;one&quot;,&quot;n_accordion_animation_duration&quot;:{&quot;unit&quot;:&quot;ms&quot;,&quot;size&quot;:400,&quot;sizes&quot;:[]}}\" data-widget_type=\"nested-accordion.default\">\n\t\t\t\t\t\t\t<div class=\"e-n-accordion\" aria-label=\"Accordion. Open links with Enter or Space, close with Escape, and navigate with Arrow Keys\">\n\t\t\t\t\t\t<details id=\"e-n-accordion-item-1120\" class=\"e-n-accordion-item\" open>\n\t\t\t\t<summary class=\"e-n-accordion-item-title\" data-accordion-index=\"1\" tabindex=\"0\" aria-expanded=\"true\" aria-controls=\"e-n-accordion-item-1120\" >\n\t\t\t\t\t<span class='e-n-accordion-item-title-header'><h3 class=\"e-n-accordion-item-title-text\"> Quel est le prix d\u2019un appareil auditif \u00e0 Lille ? <\/h3><\/span>\n\t\t\t\t\t\t\t<span class='e-n-accordion-item-title-icon'>\n\t\t\t<span class='e-opened' ><svg aria-hidden=\"true\" class=\"e-font-icon-svg e-fas-minus\" viewBox=\"0 0 448 512\" xmlns=\"http:\/\/www.w3.org\/2000\/svg\"><path d=\"M416 208H32c-17.67 0-32 14.33-32 32v32c0 17.67 14.33 32 32 32h384c17.67 0 32-14.33 32-32v-32c0-17.67-14.33-32-32-32z\"><\/path><\/svg><\/span>\n\t\t\t<span class='e-closed'><svg aria-hidden=\"true\" class=\"e-font-icon-svg e-fas-plus\" viewBox=\"0 0 448 512\" xmlns=\"http:\/\/www.w3.org\/2000\/svg\"><path d=\"M416 208H272V64c0-17.67-14.33-32-32-32h-32c-17.67 0-32 14.33-32 32v144H32c-17.67 0-32 14.33-32 32v32c0 17.67 14.33 32 32 32h144v144c0 17.67 14.33 32 32 32h32c17.67 0 32-14.33 32-32V304h144c17.67 0 32-14.33 32-32v-32c0-17.67-14.33-32-32-32z\"><\/path><\/svg><\/span>\n\t\t<\/span>\n\n\t\t\t\t\t\t<\/summary>\n\t\t\t\t<div role=\"region\" aria-labelledby=\"e-n-accordion-item-1120\" class=\"elementor-element elementor-element-32ea471 e-con-full e-flex e-con e-child\" data-id=\"32ea471\" data-element_type=\"container\">\n\t\t<div role=\"region\" aria-labelledby=\"e-n-accordion-item-1120\" class=\"elementor-element elementor-element-6461431 e-flex e-con-boxed e-con e-child\" data-id=\"6461431\" data-element_type=\"container\">\n\t\t\t\t\t<div class=\"e-con-inner\">\n\t\t\t\t<div class=\"elementor-element elementor-element-8b8c783 elementor-widget elementor-widget-text-editor\" data-id=\"8b8c783\" data-element_type=\"widget\" data-widget_type=\"text-editor.default\">\n\t\t\t\t\t\t\t\t\t<blockquote data-start=\"3901\" data-end=\"4244\"><p data-start=\"3903\" data-end=\"4244\">Le prix d\u00e9pend du mod\u00e8le choisi, des options technologiques et du niveau de performance. Avec le dispositif <strong data-start=\"4071\" data-end=\"4085\">100% Sant\u00e9<\/strong>, certains appareils peuvent b\u00e9n\u00e9ficier d\u2019un <strong data-start=\"4130\" data-end=\"4152\">reste \u00e0 charge nul<\/strong>, tandis que des solutions <strong data-start=\"4179\" data-end=\"4190\">premium<\/strong> offrent un confort sup\u00e9rieur pour un budget ma\u00eetris\u00e9.<\/p><\/blockquote><blockquote data-start=\"4246\" data-end=\"4489\"><p data-start=\"4248\" data-end=\"4489\">\u00a0<\/p><\/blockquote>\t\t\t\t\t\t\t\t<\/div>\n\t\t\t\t\t<\/div>\n\t\t\t\t<\/div>\n\t\t\t\t<\/div>\n\t\t\t\t\t<\/details>\n\t\t\t\t\t\t<details id=\"e-n-accordion-item-1121\" class=\"e-n-accordion-item\" >\n\t\t\t\t<summary class=\"e-n-accordion-item-title\" data-accordion-index=\"2\" tabindex=\"-1\" aria-expanded=\"false\" aria-controls=\"e-n-accordion-item-1121\" >\n\t\t\t\t\t<span class='e-n-accordion-item-title-header'><h3 class=\"e-n-accordion-item-title-text\"> Comment se passe l\u2019essai d\u2019un appareil auditif ? <\/h3><\/span>\n\t\t\t\t\t\t\t<span class='e-n-accordion-item-title-icon'>\n\t\t\t<span class='e-opened' ><svg aria-hidden=\"true\" class=\"e-font-icon-svg e-fas-minus\" viewBox=\"0 0 448 512\" xmlns=\"http:\/\/www.w3.org\/2000\/svg\"><path d=\"M416 208H32c-17.67 0-32 14.33-32 32v32c0 17.67 14.33 32 32 32h384c17.67 0 32-14.33 32-32v-32c0-17.67-14.33-32-32-32z\"><\/path><\/svg><\/span>\n\t\t\t<span class='e-closed'><svg aria-hidden=\"true\" class=\"e-font-icon-svg e-fas-plus\" viewBox=\"0 0 448 512\" xmlns=\"http:\/\/www.w3.org\/2000\/svg\"><path d=\"M416 208H272V64c0-17.67-14.33-32-32-32h-32c-17.67 0-32 14.33-32 32v144H32c-17.67 0-32 14.33-32 32v32c0 17.67 14.33 32 32 32h144v144c0 17.67 14.33 32 32 32h32c17.67 0 32-14.33 32-32V304h144c17.67 0 32-14.33 32-32v-32c0-17.67-14.33-32-32-32z\"><\/path><\/svg><\/span>\n\t\t<\/span>\n\n\t\t\t\t\t\t<\/summary>\n\t\t\t\t<div role=\"region\" aria-labelledby=\"e-n-accordion-item-1121\" class=\"elementor-element elementor-element-98dc2b8 e-con-full e-flex e-con e-child\" data-id=\"98dc2b8\" data-element_type=\"container\">\n\t\t<div role=\"region\" aria-labelledby=\"e-n-accordion-item-1121\" class=\"elementor-element elementor-element-8d0b816 e-flex e-con-boxed e-con e-child\" data-id=\"8d0b816\" data-element_type=\"container\">\n\t\t\t\t\t<div class=\"e-con-inner\">\n\t\t\t\t<div class=\"elementor-element elementor-element-0377589 elementor-widget elementor-widget-text-editor\" data-id=\"0377589\" data-element_type=\"widget\" data-widget_type=\"text-editor.default\">\n\t\t\t\t\t\t\t\t\t<p>Apr\u00e8s un bilan auditif, un appareil est test\u00e9 en conditions r\u00e9elles. Plusieurs semaines de r\u00e9glages et de contr\u00f4les permettent d\u2019ajuster le confort et la compr\u00e9hension de la parole.<\/p>\t\t\t\t\t\t\t\t<\/div>\n\t\t\t\t\t<\/div>\n\t\t\t\t<\/div>\n\t\t\t\t<\/div>\n\t\t\t\t\t<\/details>\n\t\t\t\t\t\t<details id=\"e-n-accordion-item-1122\" class=\"e-n-accordion-item\" >\n\t\t\t\t<summary class=\"e-n-accordion-item-title\" data-accordion-index=\"3\" tabindex=\"-1\" aria-expanded=\"false\" aria-controls=\"e-n-accordion-item-1122\" >\n\t\t\t\t\t<span class='e-n-accordion-item-title-header'><h3 class=\"e-n-accordion-item-title-text\"> Les appareils auditifs sont-ils rembours\u00e9s ? <\/h3><\/span>\n\t\t\t\t\t\t\t<span class='e-n-accordion-item-title-icon'>\n\t\t\t<span class='e-opened' ><svg aria-hidden=\"true\" class=\"e-font-icon-svg e-fas-minus\" viewBox=\"0 0 448 512\" xmlns=\"http:\/\/www.w3.org\/2000\/svg\"><path d=\"M416 208H32c-17.67 0-32 14.33-32 32v32c0 17.67 14.33 32 32 32h384c17.67 0 32-14.33 32-32v-32c0-17.67-14.33-32-32-32z\"><\/path><\/svg><\/span>\n\t\t\t<span class='e-closed'><svg aria-hidden=\"true\" class=\"e-font-icon-svg e-fas-plus\" viewBox=\"0 0 448 512\" xmlns=\"http:\/\/www.w3.org\/2000\/svg\"><path d=\"M416 208H272V64c0-17.67-14.33-32-32-32h-32c-17.67 0-32 14.33-32 32v144H32c-17.67 0-32 14.33-32 32v32c0 17.67 14.33 32 32 32h144v144c0 17.67 14.33 32 32 32h32c17.67 0 32-14.33 32-32V304h144c17.67 0 32-14.33 32-32v-32c0-17.67-14.33-32-32-32z\"><\/path><\/svg><\/span>\n\t\t<\/span>\n\n\t\t\t\t\t\t<\/summary>\n\t\t\t\t<div role=\"region\" aria-labelledby=\"e-n-accordion-item-1122\" class=\"elementor-element elementor-element-f88138a e-con-full e-flex e-con e-child\" data-id=\"f88138a\" data-element_type=\"container\">\n\t\t<div role=\"region\" aria-labelledby=\"e-n-accordion-item-1122\" class=\"elementor-element elementor-element-4911347 e-flex e-con-boxed e-con e-child\" data-id=\"4911347\" data-element_type=\"container\">\n\t\t\t\t\t<div class=\"e-con-inner\">\n\t\t\t\t<div class=\"elementor-element elementor-element-a2c9bca elementor-widget elementor-widget-text-editor\" data-id=\"a2c9bca\" data-element_type=\"widget\" data-widget_type=\"text-editor.default\">\n\t\t\t\t\t\t\t\t\t<p>Oui. Entre <strong data-start=\"4560\" data-end=\"4574\">100% Sant\u00e9<\/strong>, <strong data-start=\"4576\" data-end=\"4589\">mutuelles<\/strong> et <strong data-start=\"4593\" data-end=\"4609\">tiers payant<\/strong>, les solutions financi\u00e8res permettent d\u2019\u00e9viter l\u2019avance de frais et de r\u00e9duire le reste \u00e0 charge.<\/p>\t\t\t\t\t\t\t\t<\/div>\n\t\t\t\t\t<\/div>\n\t\t\t\t<\/div>\n\t\t\t\t<\/div>\n\t\t\t\t\t<\/details>\n\t\t\t\t\t\t<details id=\"e-n-accordion-item-1123\" class=\"e-n-accordion-item\" >\n\t\t\t\t<summary class=\"e-n-accordion-item-title\" data-accordion-index=\"4\" tabindex=\"-1\" aria-expanded=\"false\" aria-controls=\"e-n-accordion-item-1123\" >\n\t\t\t\t\t<span class='e-n-accordion-item-title-header'><h3 class=\"e-n-accordion-item-title-text\"> Quelle est la dur\u00e9e de vie d\u2019un appareil auditif ? <\/h3><\/span>\n\t\t\t\t\t\t\t<span class='e-n-accordion-item-title-icon'>\n\t\t\t<span class='e-opened' ><svg aria-hidden=\"true\" class=\"e-font-icon-svg e-fas-minus\" viewBox=\"0 0 448 512\" xmlns=\"http:\/\/www.w3.org\/2000\/svg\"><path d=\"M416 208H32c-17.67 0-32 14.33-32 32v32c0 17.67 14.33 32 32 32h384c17.67 0 32-14.33 32-32v-32c0-17.67-14.33-32-32-32z\"><\/path><\/svg><\/span>\n\t\t\t<span class='e-closed'><svg aria-hidden=\"true\" class=\"e-font-icon-svg e-fas-plus\" viewBox=\"0 0 448 512\" xmlns=\"http:\/\/www.w3.org\/2000\/svg\"><path d=\"M416 208H272V64c0-17.67-14.33-32-32-32h-32c-17.67 0-32 14.33-32 32v144H32c-17.67 0-32 14.33-32 32v32c0 17.67 14.33 32 32 32h144v144c0 17.67 14.33 32 32 32h32c17.67 0 32-14.33 32-32V304h144c17.67 0 32-14.33 32-32v-32c0-17.67-14.33-32-32-32z\"><\/path><\/svg><\/span>\n\t\t<\/span>\n\n\t\t\t\t\t\t<\/summary>\n\t\t\t\t<div role=\"region\" aria-labelledby=\"e-n-accordion-item-1123\" class=\"elementor-element elementor-element-8cc07cd e-flex e-con-boxed e-con e-child\" data-id=\"8cc07cd\" data-element_type=\"container\">\n\t\t\t\t\t<div class=\"e-con-inner\">\n\t\t<div role=\"region\" aria-labelledby=\"e-n-accordion-item-1123\" class=\"elementor-element elementor-element-6da3715 e-con-full e-flex e-con e-child\" data-id=\"6da3715\" data-element_type=\"container\">\n\t\t\t\t<div class=\"elementor-element elementor-element-b3604b6 elementor-widget elementor-widget-text-editor\" data-id=\"b3604b6\" data-element_type=\"widget\" data-widget_type=\"text-editor.default\">\n\t\t\t\t\t\t\t\t\t<p>En moyenne <strong data-start=\"4784\" data-end=\"4797\">5 \u00e0 7 ans<\/strong>, selon l\u2019entretien, l\u2019environnement sonore et l\u2019usage quotidien.<\/p>\t\t\t\t\t\t\t\t<\/div>\n\t\t\t\t<\/div>\n\t\t\t\t\t<\/div>\n\t\t\t\t<\/div>\n\t\t\t\t\t<\/details>\n\t\t\t\t\t\t<details id=\"e-n-accordion-item-1124\" class=\"e-n-accordion-item\" >\n\t\t\t\t<summary class=\"e-n-accordion-item-title\" data-accordion-index=\"5\" tabindex=\"-1\" aria-expanded=\"false\" aria-controls=\"e-n-accordion-item-1124\" >\n\t\t\t\t\t<span class='e-n-accordion-item-title-header'><h3 class=\"e-n-accordion-item-title-text\"> Peut-on \u00e9quiper un seul oreille ? <\/h3><\/span>\n\t\t\t\t\t\t\t<span class='e-n-accordion-item-title-icon'>\n\t\t\t<span class='e-opened' ><svg aria-hidden=\"true\" class=\"e-font-icon-svg e-fas-minus\" viewBox=\"0 0 448 512\" xmlns=\"http:\/\/www.w3.org\/2000\/svg\"><path d=\"M416 208H32c-17.67 0-32 14.33-32 32v32c0 17.67 14.33 32 32 32h384c17.67 0 32-14.33 32-32v-32c0-17.67-14.33-32-32-32z\"><\/path><\/svg><\/span>\n\t\t\t<span class='e-closed'><svg aria-hidden=\"true\" class=\"e-font-icon-svg e-fas-plus\" viewBox=\"0 0 448 512\" xmlns=\"http:\/\/www.w3.org\/2000\/svg\"><path d=\"M416 208H272V64c0-17.67-14.33-32-32-32h-32c-17.67 0-32 14.33-32 32v144H32c-17.67 0-32 14.33-32 32v32c0 17.67 14.33 32 32 32h144v144c0 17.67 14.33 32 32 32h32c17.67 0 32-14.33 32-32V304h144c17.67 0 32-14.33 32-32v-32c0-17.67-14.33-32-32-32z\"><\/path><\/svg><\/span>\n\t\t<\/span>\n\n\t\t\t\t\t\t<\/summary>\n\t\t\t\t<div role=\"region\" aria-labelledby=\"e-n-accordion-item-1124\" class=\"elementor-element elementor-element-7e569dd e-flex e-con-boxed e-con e-child\" data-id=\"7e569dd\" data-element_type=\"container\">\n\t\t\t\t\t<div class=\"e-con-inner\">\n\t\t<div role=\"region\" aria-labelledby=\"e-n-accordion-item-1124\" class=\"elementor-element elementor-element-5e9960f e-con-full e-flex e-con e-child\" data-id=\"5e9960f\" data-element_type=\"container\">\n\t\t\t\t<div class=\"elementor-element elementor-element-b4c37ad elementor-widget elementor-widget-text-editor\" data-id=\"b4c37ad\" data-element_type=\"widget\" data-widget_type=\"text-editor.default\">\n\t\t\t\t\t\t\t\t\t<p>Oui, mais une <strong data-start=\"4925\" data-end=\"4949\">correction binaurale<\/strong> est conseill\u00e9e lorsque les deux oreilles sont atteintes, car elle am\u00e9liore la spatialisation et la parole dans le bruit.<\/p>\t\t\t\t\t\t\t\t<\/div>\n\t\t\t\t<\/div>\n\t\t\t\t\t<\/div>\n\t\t\t\t<\/div>\n\t\t\t\t\t<\/details>\n\t\t\t\t\t\t<details id=\"e-n-accordion-item-1125\" class=\"e-n-accordion-item\" >\n\t\t\t\t<summary class=\"e-n-accordion-item-title\" data-accordion-index=\"6\" tabindex=\"-1\" aria-expanded=\"false\" aria-controls=\"e-n-accordion-item-1125\" >\n\t\t\t\t\t<span class='e-n-accordion-item-title-header'><h3 class=\"e-n-accordion-item-title-text\"> Faut-il une ordonnance pour un appareil auditif ? <\/h3><\/span>\n\t\t\t\t\t\t\t<span class='e-n-accordion-item-title-icon'>\n\t\t\t<span class='e-opened' ><svg aria-hidden=\"true\" class=\"e-font-icon-svg e-fas-minus\" viewBox=\"0 0 448 512\" xmlns=\"http:\/\/www.w3.org\/2000\/svg\"><path d=\"M416 208H32c-17.67 0-32 14.33-32 32v32c0 17.67 14.33 32 32 32h384c17.67 0 32-14.33 32-32v-32c0-17.67-14.33-32-32-32z\"><\/path><\/svg><\/span>\n\t\t\t<span class='e-closed'><svg aria-hidden=\"true\" class=\"e-font-icon-svg e-fas-plus\" viewBox=\"0 0 448 512\" xmlns=\"http:\/\/www.w3.org\/2000\/svg\"><path d=\"M416 208H272V64c0-17.67-14.33-32-32-32h-32c-17.67 0-32 14.33-32 32v144H32c-17.67 0-32 14.33-32 32v32c0 17.67 14.33 32 32 32h144v144c0 17.67 14.33 32 32 32h32c17.67 0 32-14.33 32-32V304h144c17.67 0 32-14.33 32-32v-32c0-17.67-14.33-32-32-32z\"><\/path><\/svg><\/span>\n\t\t<\/span>\n\n\t\t\t\t\t\t<\/summary>\n\t\t\t\t<div role=\"region\" aria-labelledby=\"e-n-accordion-item-1125\" class=\"elementor-element elementor-element-a0c9820 e-flex e-con-boxed e-con e-child\" data-id=\"a0c9820\" data-element_type=\"container\">\n\t\t\t\t\t<div class=\"e-con-inner\">\n\t\t<div role=\"region\" aria-labelledby=\"e-n-accordion-item-1125\" class=\"elementor-element elementor-element-2392102 e-con-full e-flex e-con e-child\" data-id=\"2392102\" data-element_type=\"container\">\n\t\t\t\t<div class=\"elementor-element elementor-element-30b2a62 elementor-widget elementor-widget-text-editor\" data-id=\"30b2a62\" data-element_type=\"widget\" data-widget_type=\"text-editor.default\">\n\t\t\t\t\t\t\t\t\t<p>Oui, une prescription ORL est n\u00e9cessaire pour le remboursement et l\u2019appareillage.<\/p>\t\t\t\t\t\t\t\t<\/div>\n\t\t\t\t<\/div>\n\t\t\t\t\t<\/div>\n\t\t\t\t<\/div>\n\t\t\t\t\t<\/details>\n\t\t\t\t\t\t<details id=\"e-n-accordion-item-1126\" class=\"e-n-accordion-item\" >\n\t\t\t\t<summary class=\"e-n-accordion-item-title\" data-accordion-index=\"7\" tabindex=\"-1\" aria-expanded=\"false\" aria-controls=\"e-n-accordion-item-1126\" >\n\t\t\t\t\t<span class='e-n-accordion-item-title-header'><h3 class=\"e-n-accordion-item-title-text\"> Les appareils auditifs sont-ils rechargeables ? <\/h3><\/span>\n\t\t\t\t\t\t\t<span class='e-n-accordion-item-title-icon'>\n\t\t\t<span class='e-opened' ><svg aria-hidden=\"true\" class=\"e-font-icon-svg e-fas-minus\" viewBox=\"0 0 448 512\" xmlns=\"http:\/\/www.w3.org\/2000\/svg\"><path d=\"M416 208H32c-17.67 0-32 14.33-32 32v32c0 17.67 14.33 32 32 32h384c17.67 0 32-14.33 32-32v-32c0-17.67-14.33-32-32-32z\"><\/path><\/svg><\/span>\n\t\t\t<span class='e-closed'><svg aria-hidden=\"true\" class=\"e-font-icon-svg e-fas-plus\" viewBox=\"0 0 448 512\" xmlns=\"http:\/\/www.w3.org\/2000\/svg\"><path d=\"M416 208H272V64c0-17.67-14.33-32-32-32h-32c-17.67 0-32 14.33-32 32v144H32c-17.67 0-32 14.33-32 32v32c0 17.67 14.33 32 32 32h144v144c0 17.67 14.33 32 32 32h32c17.67 0 32-14.33 32-32V304h144c17.67 0 32-14.33 32-32v-32c0-17.67-14.33-32-32-32z\"><\/path><\/svg><\/span>\n\t\t<\/span>\n\n\t\t\t\t\t\t<\/summary>\n\t\t\t\t<div role=\"region\" aria-labelledby=\"e-n-accordion-item-1126\" class=\"elementor-element elementor-element-c943296 e-flex e-con-boxed e-con e-child\" data-id=\"c943296\" data-element_type=\"container\">\n\t\t\t\t\t<div class=\"e-con-inner\">\n\t\t<div role=\"region\" aria-labelledby=\"e-n-accordion-item-1126\" class=\"elementor-element elementor-element-7988cbe e-con-full e-flex e-con e-child\" data-id=\"7988cbe\" data-element_type=\"container\">\n\t\t\t\t<div class=\"elementor-element elementor-element-35f3475 elementor-widget elementor-widget-text-editor\" data-id=\"35f3475\" data-element_type=\"widget\" data-widget_type=\"text-editor.default\">\n\t\t\t\t\t\t\t\t\t<blockquote data-start=\"5218\" data-end=\"5377\"><p data-start=\"5220\" data-end=\"5377\">Oui, de nombreux mod\u00e8les existent en version rechargeable, offrant plus d\u2019autonomie et de confort.<\/p><\/blockquote><blockquote data-start=\"5379\" data-end=\"5553\"><p data-start=\"5381\" data-end=\"5553\">\u00a0<\/p><\/blockquote>\t\t\t\t\t\t\t\t<\/div>\n\t\t\t\t<\/div>\n\t\t\t\t\t<\/div>\n\t\t\t\t<\/div>\n\t\t\t\t\t<\/details>\n\t\t\t\t\t\t<details id=\"e-n-accordion-item-1127\" class=\"e-n-accordion-item\" >\n\t\t\t\t<summary class=\"e-n-accordion-item-title\" data-accordion-index=\"8\" tabindex=\"-1\" aria-expanded=\"false\" aria-controls=\"e-n-accordion-item-1127\" >\n\t\t\t\t\t<span class='e-n-accordion-item-title-header'><h3 class=\"e-n-accordion-item-title-text\"> Les appareils sont-ils adapt\u00e9s aux seniors ? <\/h3><\/span>\n\t\t\t\t\t\t\t<span class='e-n-accordion-item-title-icon'>\n\t\t\t<span class='e-opened' ><svg aria-hidden=\"true\" class=\"e-font-icon-svg e-fas-minus\" viewBox=\"0 0 448 512\" xmlns=\"http:\/\/www.w3.org\/2000\/svg\"><path d=\"M416 208H32c-17.67 0-32 14.33-32 32v32c0 17.67 14.33 32 32 32h384c17.67 0 32-14.33 32-32v-32c0-17.67-14.33-32-32-32z\"><\/path><\/svg><\/span>\n\t\t\t<span class='e-closed'><svg aria-hidden=\"true\" class=\"e-font-icon-svg e-fas-plus\" viewBox=\"0 0 448 512\" xmlns=\"http:\/\/www.w3.org\/2000\/svg\"><path d=\"M416 208H272V64c0-17.67-14.33-32-32-32h-32c-17.67 0-32 14.33-32 32v144H32c-17.67 0-32 14.33-32 32v32c0 17.67 14.33 32 32 32h144v144c0 17.67 14.33 32 32 32h32c17.67 0 32-14.33 32-32V304h144c17.67 0 32-14.33 32-32v-32c0-17.67-14.33-32-32-32z\"><\/path><\/svg><\/span>\n\t\t<\/span>\n\n\t\t\t\t\t\t<\/summary>\n\t\t\t\t<div role=\"region\" aria-labelledby=\"e-n-accordion-item-1127\" class=\"elementor-element elementor-element-75d53a4 e-flex e-con-boxed e-con e-child\" data-id=\"75d53a4\" data-element_type=\"container\">\n\t\t\t\t\t<div class=\"e-con-inner\">\n\t\t<div role=\"region\" aria-labelledby=\"e-n-accordion-item-1127\" class=\"elementor-element elementor-element-0ff0aa7 e-con-full e-flex e-con e-child\" data-id=\"0ff0aa7\" data-element_type=\"container\">\n\t\t\t\t<div class=\"elementor-element elementor-element-3c65abd elementor-widget elementor-widget-text-editor\" data-id=\"3c65abd\" data-element_type=\"widget\" data-widget_type=\"text-editor.default\">\n\t\t\t\t\t\t\t\t\t<p>Oui, ils font l\u2019objet d\u2019un protocole d\u2019adaptation sp\u00e9cifique, incluant le suivi de l\u2019\u00e9volution de la perte auditive.<\/p>\t\t\t\t\t\t\t\t<\/div>\n\t\t\t\t<\/div>\n\t\t\t\t\t<\/div>\n\t\t\t\t<\/div>\n\t\t\t\t\t<\/details>\n\t\t\t\t\t<\/div>\n\t\t\t\t\t\t<\/div>\n\t\t\t\t\t<\/div>\n\t\t\t\t<\/div>\n\t\t<div class=\"elementor-element elementor-element-13ea965 e-flex e-con-boxed e-con e-parent\" data-id=\"13ea965\" data-element_type=\"container\">\n\t\t\t\t\t<div class=\"e-con-inner\">\n\t\t\t\t<div class=\"elementor-element elementor-element-750ffc5 elementor-widget elementor-widget-html\" data-id=\"750ffc5\" data-element_type=\"widget\" data-widget_type=\"html.default\">\n\t\t\t\t\t<script type=\"application\/ld+json\">\n    {\n  \"seo\": {\n    \"title\": \"Audioproth\u00e9siste Lille \u2013 Centre auditif & appareils auditifs\",\n    \"meta_description\": \"Centre auditif \u00e0 Lille : bilan auditif, appareils auditifs premium, 100 % Sant\u00e9, mutuelles et tiers payant. Accompagnement personnalis\u00e9 pour votre audition.\",\n    \"primary_keyword\": \"audioproth\u00e9siste lille\",\n    \"secondary_keywords\": [\n      \"centre auditif lille\",\n      \"appareil auditif lille\",\n      \"bilan auditif lille\",\n      \"100 % sant\u00e9 audition lille\"\n    ]\n  },\n  \"page\": {\n    \"h1\": \"Audioproth\u00e9siste \u00e0 Lille \u2013 Appareils auditifs et bilan auditif\",\n    \"intro\": \"Retrouvez une expertise audioproth\u00e9tique de haut niveau \u00e0 Lille avec un accompagnement personnalis\u00e9 pour le choix, l\u2019adaptation et le suivi de vos appareils auditifs. Notre centre auditif accueille adultes et seniors pour un parcours de soins fiable, pr\u00e9cis et confortable, dans un environnement moderne.\",\n    \"sections\": [\n      {\n        \"id\": \"centre-auditif-lille\",\n        \"h2\": \"Centre auditif \u00e0 Lille (59000)\",\n        \"content\": [\n          \"Situ\u00e9 au 187 Avenue de Dunkerque, 59000 Lille, notre centre auditif b\u00e9n\u00e9ficie d\u2019un acc\u00e8s pratique depuis l\u2019hypercentre, Saint-Andr\u00e9-lez-Lille, Lambersart, La Madeleine et Marcq-en-Bar\u0153ul.\",\n          \"Proche du r\u00e9seau de transports et des principaux axes, il constitue un point de proximit\u00e9 essentiel pour les Lillois souhaitant b\u00e9n\u00e9ficier d\u2019un \u00e9quipement auditif de qualit\u00e9 et d\u2019un suivi s\u00e9rieux.\"\n        ]\n      },\n      {\n        \"id\": \"bilan-et-essai\",\n        \"h2\": \"Bilan auditif complet et essai d\u2019appareils\",\n        \"content\": [\n          \"Nous r\u00e9alisons sur place un bilan auditif complet, permettant d\u2019\u00e9valuer votre niveau de perte auditive et de d\u00e9finir la solution la plus adapt\u00e9e \u00e0 votre confort.\",\n          \"\u00c0 l\u2019issue de ce diagnostic, une phase d\u2019essai d\u2019appareils vous permet de tester les mod\u00e8les en conditions r\u00e9elles afin d\u2019affiner les r\u00e9glages et de valider le choix d\u00e9finitif.\",\n          \"Objectif : un appareillage confortable, un gain auditif optimal et un accompagnement durable, \u00e9tape par \u00e9tape.\"\n        ]\n      },\n      {\n        \"id\": \"appareils-auditifs-premium\",\n        \"h2\": \"Appareils auditifs premium et technologies r\u00e9centes\",\n        \"content\": [\n          \"Notre expertise repose sur une s\u00e9lection de marques reconnues et de technologies haut de gamme : miniaturisation, appareils invisibles, mod\u00e8les rechargeables, solutions connect\u00e9es, r\u00e9duction active du bruit et des acouph\u00e8nes, optimisation de la compr\u00e9hension de la parole dans le bruit.\",\n          \"Chaque appareil auditif est adapt\u00e9 \u00e0 votre profil auditif, \u00e0 votre mode de vie (travail, vie sociale, loisirs) et \u00e0 vos attentes esth\u00e9tiques.\",\n          \"Nous vous pr\u00e9sentons plusieurs niveaux de performances, du 100 % Sant\u00e9 aux solutions premium, pour choisir l\u2019appareil le plus pertinent en fonction de vos besoins et de votre budget.\"\n        ]\n      },\n      {\n        \"id\": \"adaptation-suivi\",\n        \"h2\": \"Adaptation, r\u00e9glages et suivi audioproth\u00e9tique\",\n        \"content\": [\n          \"L\u2019efficacit\u00e9 d\u2019un appareil auditif repose sur le suivi dans la dur\u00e9e. Nous ne nous contentons pas d\u2019appareiller : nous vous accompagnons dans le temps.\",\n          \"Notre m\u00e9thode d\u2019accompagnement comprend l\u2019analyse de votre environnement sonore, des r\u00e9glages progressifs, des s\u00e9ances de contr\u00f4le r\u00e9guli\u00e8res et une optimisation du confort selon vos retours.\",\n          \"Nous assurons \u00e9galement le contr\u00f4le des performances, le nettoyage, les conseils d\u2019entretien et les v\u00e9rifications n\u00e9cessaires pour prolonger la dur\u00e9e de vie de vos appareils.\"\n        ]\n      },\n      {\n        \"id\": \"prix-remboursement-100-sante\",\n        \"h2\": \"Prix, remboursements et 100 % Sant\u00e9\",\n        \"content\": [\n          \"Nous appliquons l\u2019int\u00e9gralit\u00e9 des dispositifs li\u00e9s au 100 % Sant\u00e9, au tiers payant et aux mutuelles, afin de limiter au maximum votre reste \u00e0 charge.\",\n          \"Le 100 % Sant\u00e9 Audition permet d\u2019acc\u00e9der \u00e0 des mod\u00e8les d\u2019appareils auditifs enti\u00e8rement pris en charge, sans reste \u00e0 charge, sous conditions de votre contrat.\",\n          \"Gr\u00e2ce au tiers payant, vous \u00e9vitez l\u2019avance de frais aupr\u00e8s de la S\u00e9curit\u00e9 sociale et de la mutuelle.\",\n          \"Des solutions premium sont \u00e9galement disponibles pour les personnes souhaitant plus de confort, de discr\u00e9tion ou de performances, tout en b\u00e9n\u00e9ficiant d\u2019un accompagnement sur les d\u00e9marches de remboursement.\",\n          \"Notre r\u00f4le : vous conseiller de mani\u00e8re transparente sur le rapport performance \/ confort \/ esth\u00e9tique, en tenant compte de votre budget.\"\n        ]\n      },\n      {\n        \"id\": \"pourquoi-nous-choisir\",\n        \"h2\": \"Pourquoi choisir notre centre auditif \u00e0 Lille ?\",\n        \"content\": [\n          \"Expertise audioproth\u00e9tique et approche premium, avec un suivi sur mesure.\",\n          \"Centre \u00e0 taille humaine, orient\u00e9 \u00e9coute, p\u00e9dagogie et qualit\u00e9 de service.\",\n          \"Technologies auditives r\u00e9centes pour une meilleure compr\u00e9hension de la parole dans toutes les situations.\",\n          \"Accompagnement des adultes et des seniors avec un protocole d\u2019adaptation progressif.\",\n          \"Prise en charge des mutuelles, 100 % Sant\u00e9 et tiers payant pour simplifier vos d\u00e9marches.\",\n          \"Exigence sur le confort, la compr\u00e9hension de la parole et la qualit\u00e9 de vie au quotidien.\"\n        ]\n      },\n      {\n        \"id\": \"infos-pratiques\",\n        \"h2\": \"Infos pratiques\",\n        \"content\": [\n          \"Adresse : 187 Avenue de Dunkerque, 59000 Lille.\",\n          \"Acc\u00e8s : centre facilement accessible en transports et en voiture, parkings \u00e0 proximit\u00e9.\",\n          \"Horaires : sur rendez-vous, avec des cr\u00e9neaux adapt\u00e9s \u00e0 votre rythme de vie.\",\n          \"Prise de rendez-vous : par t\u00e9l\u00e9phone ou directement au centre.\"\n        ]\n      }\n    ],\n    \"faq\": [\n      {\n        \"question\": \"Quel est le prix d\u2019un appareil auditif \u00e0 Lille ?\",\n        \"answer\": \"Le prix d\u2019un appareil auditif d\u00e9pend du mod\u00e8le, de la technologie et du niveau de performance. Gr\u00e2ce au dispositif 100 % Sant\u00e9, certains appareils peuvent b\u00e9n\u00e9ficier d\u2019un reste \u00e0 charge nul. D\u2019autres solutions premium offrent davantage de confort, de personnalisation et d\u2019esth\u00e9tique, pour un budget ma\u00eetris\u00e9 en fonction de votre mutuelle et de vos attentes.\"\n      },\n      {\n        \"question\": \"Comment se d\u00e9roule l\u2019essai d\u2019un appareil auditif ?\",\n        \"answer\": \"Apr\u00e8s un bilan auditif complet, nous vous proposons un ou plusieurs mod\u00e8les adapt\u00e9s \u00e0 votre profil. Vous les testez en conditions r\u00e9elles pendant une p\u00e9riode d\u00e9finie, avec des r\u00e9glages successifs pour am\u00e9liorer progressivement le confort et la compr\u00e9hension de la parole. Ces essais permettent de valider l\u2019appareillage avant la solution d\u00e9finitive.\"\n      },\n      {\n        \"question\": \"Les appareils auditifs sont-ils rembours\u00e9s ?\",\n        \"answer\": \"Oui. Les appareils auditifs b\u00e9n\u00e9ficient d\u2019une prise en charge par l\u2019Assurance Maladie et les mutuelles. Le 100 % Sant\u00e9 permet, sous certaines conditions, de b\u00e9n\u00e9ficier d\u2019une solution sans reste \u00e0 charge. Le tiers payant \u00e9vite l\u2019avance de frais et nous vous accompagnons dans toutes les d\u00e9marches administratives.\"\n      },\n      {\n        \"question\": \"Quelle est la dur\u00e9e de vie d\u2019un appareil auditif ?\",\n        \"answer\": \"En moyenne, un appareil auditif a une dur\u00e9e de vie de 5 \u00e0 7 ans. Elle varie selon l\u2019utilisation, l\u2019entretien et l\u2019environnement sonore. Un suivi r\u00e9gulier, un nettoyage adapt\u00e9 et des v\u00e9rifications techniques permettent de prolonger sa dur\u00e9e de vie et de maintenir un bon niveau de performance.\"\n      },\n      {\n        \"question\": \"Faut-il obligatoirement deux appareils auditifs ?\",\n        \"answer\": \"Lorsque la perte auditive concerne les deux oreilles, une correction binaurale (deux appareils) est g\u00e9n\u00e9ralement recommand\u00e9e. Elle am\u00e9liore la localisation des sons, la compr\u00e9hension de la parole dans le bruit et le confort auditif global. Une \u00e9valuation personnalis\u00e9e permet de d\u00e9finir la solution la plus adapt\u00e9e \u00e0 votre situation.\"\n      },\n      {\n        \"question\": \"Une ordonnance est-elle n\u00e9cessaire pour un appareil auditif ?\",\n        \"answer\": \"Oui, une prescription d\u2019un m\u00e9decin ORL est n\u00e9cessaire pour l\u2019appareillage et sa prise en charge. Le bilan auditif r\u00e9alis\u00e9 au centre ne remplace pas un avis m\u00e9dical, mais permet de pr\u00e9parer au mieux le choix de l\u2019appareil et les r\u00e9glages.\"\n      },\n      {\n        \"question\": \"Les appareils auditifs sont-ils rechargeables ?\",\n        \"answer\": \"De nombreux mod\u00e8les r\u00e9cents sont rechargeables. Ils offrent une autonomie confortable, \u00e9vitent le changement r\u00e9gulier de piles et sont particuli\u00e8rement appr\u00e9ci\u00e9s pour leur c\u00f4t\u00e9 pratique et \u00e9cologique. Nous pouvons vous pr\u00e9senter plusieurs options en fonction de vos besoins.\"\n      },\n      {\n        \"question\": \"Les appareils auditifs sont-ils adapt\u00e9s aux seniors ?\",\n        \"answer\": \"Oui, nous accompagnons de nombreux seniors dans leur parcours auditif. Les appareils sont choisis et r\u00e9gl\u00e9s en fonction de leurs habitudes de vie, de leur dext\u00e9rit\u00e9 et de leurs attentes. Un suivi r\u00e9gulier permet d\u2019adapter les r\u00e9glages dans le temps et de maintenir un bon confort auditif.\"\n      }\n    ]\n  }\n}\n<\/script>\t\t\t\t<\/div>\n\t\t\t\t\t<\/div>\n\t\t\t\t<\/div>\n\t\t\t\t<\/div>\n\t\t","protected":false},"excerpt":{"rendered":"<p>Audioproth\u00e9siste \u00e0 Lille \u2013 Appareils auditifs &amp; bilan auditif Retrouvez une expertise audioproth\u00e9tique de haut niveau au c\u0153ur de Lille, avec un accompagnement personnalis\u00e9 pour le choix, l\u2019adaptation et le suivi de vos appareils auditifs.Notre centre auditif accueille adultes et seniors pour un parcours de soins fiable, pr\u00e9cis et confortable, dans un environnement moderne. Centre [&hellip;]<\/p>\n","protected":false},"author":1,"featured_media":0,"parent":0,"menu_order":0,"comment_status":"closed","ping_status":"closed","template":"elementor_header_footer","meta":{"footnotes":""},"class_list":["post-8","page","type-page","status-publish","hentry"],"yoast_head":"<!-- This site is optimized with the Yoast SEO plugin v26.7 - https:\/\/yoast.com\/wordpress\/plugins\/seo\/ -->\n<title>Audioproth\u00e9siste Lille \u2013 Centre auditif &amp; appareils auditifs<\/title>\n<meta name=\"description\" content=\"Audioproth\u00e9siste \u00e0 Lille, notre centre auditif vous porpose : bilan auditif, appareils auditifs premium, 100 % Sant\u00e9 et tiers payant.\" \/>\n<meta name=\"robots\" content=\"index, follow, max-snippet:-1, max-image-preview:large, max-video-preview:-1\" \/>\n<link rel=\"canonical\" href=\"https:\/\/lille-audioprothesiste.com\/\" \/>\n<meta property=\"og:locale\" content=\"fr_FR\" \/>\n<meta property=\"og:type\" content=\"article\" \/>\n<meta property=\"og:title\" content=\"Audioproth\u00e9siste Lille \u2013 Centre auditif &amp; appareils auditifs\" \/>\n<meta property=\"og:description\" content=\"Audioproth\u00e9siste \u00e0 Lille, notre centre auditif vous porpose : bilan auditif, appareils auditifs premium, 100 % Sant\u00e9 et tiers payant.\" \/>\n<meta property=\"og:url\" content=\"https:\/\/lille-audioprothesiste.com\/\" \/>\n<meta property=\"og:site_name\" content=\"Lille Audioprothesiste\" \/>\n<meta property=\"article:modified_time\" content=\"2026-01-19T15:58:44+00:00\" \/>\n<meta property=\"og:image\" content=\"https:\/\/lille-audioprothesiste.com\/wp-content\/uploads\/2026\/01\/audioprothesiste-sur-Lille-et-Lambersart.jpg\" \/>\n\t<meta property=\"og:image:width\" content=\"1280\" \/>\n\t<meta property=\"og:image:height\" content=\"853\" \/>\n\t<meta property=\"og:image:type\" content=\"image\/jpeg\" \/>\n<meta name=\"twitter:card\" content=\"summary_large_image\" \/>\n<meta name=\"twitter:label1\" content=\"Dur\u00e9e de lecture estim\u00e9e\" \/>\n\t<meta name=\"twitter:data1\" content=\"15 minutes\" \/>\n<script type=\"application\/ld+json\" class=\"yoast-schema-graph\">{\"@context\":\"https:\/\/schema.org\",\"@graph\":[{\"@type\":\"WebPage\",\"@id\":\"https:\/\/lille-audioprothesiste.com\/\",\"url\":\"https:\/\/lille-audioprothesiste.com\/\",\"name\":\"Audioproth\u00e9siste Lille \u2013 Centre auditif & appareils auditifs\",\"isPartOf\":{\"@id\":\"https:\/\/lille-audioprothesiste.com\/#website\"},\"primaryImageOfPage\":{\"@id\":\"https:\/\/lille-audioprothesiste.com\/#primaryimage\"},\"image\":{\"@id\":\"https:\/\/lille-audioprothesiste.com\/#primaryimage\"},\"thumbnailUrl\":\"https:\/\/lille-audioprothesiste.com\/wp-content\/uploads\/2026\/01\/audioprothesiste-sur-Lille-et-Lambersart-1024x682.jpg\",\"datePublished\":\"2026-01-19T14:37:03+00:00\",\"dateModified\":\"2026-01-19T15:58:44+00:00\",\"description\":\"Audioproth\u00e9siste \u00e0 Lille, notre centre auditif vous porpose : bilan auditif, appareils auditifs premium, 100 % Sant\u00e9 et tiers payant.\",\"breadcrumb\":{\"@id\":\"https:\/\/lille-audioprothesiste.com\/#breadcrumb\"},\"inLanguage\":\"fr-FR\",\"potentialAction\":[{\"@type\":\"ReadAction\",\"target\":[\"https:\/\/lille-audioprothesiste.com\/\"]}]},{\"@type\":\"ImageObject\",\"inLanguage\":\"fr-FR\",\"@id\":\"https:\/\/lille-audioprothesiste.com\/#primaryimage\",\"url\":\"https:\/\/lille-audioprothesiste.com\/wp-content\/uploads\/2026\/01\/audioprothesiste-sur-Lille-et-Lambersart.jpg\",\"contentUrl\":\"https:\/\/lille-audioprothesiste.com\/wp-content\/uploads\/2026\/01\/audioprothesiste-sur-Lille-et-Lambersart.jpg\",\"width\":1280,\"height\":853,\"caption\":\"Manipulation d\u2019un appareil auditif dans un centre auditif \u00e0 Lille\"},{\"@type\":\"BreadcrumbList\",\"@id\":\"https:\/\/lille-audioprothesiste.com\/#breadcrumb\",\"itemListElement\":[{\"@type\":\"ListItem\",\"position\":1,\"name\":\"Accueil\",\"item\":\"https:\/\/lille-audioprothesiste.com\/\"},{\"@type\":\"ListItem\",\"position\":2,\"name\":\"Accueil\"}]},{\"@type\":\"WebSite\",\"@id\":\"https:\/\/lille-audioprothesiste.com\/#website\",\"url\":\"https:\/\/lille-audioprothesiste.com\/\",\"name\":\"Lille Audioprothesiste\",\"description\":\"\",\"publisher\":{\"@id\":\"https:\/\/lille-audioprothesiste.com\/#organization\"},\"potentialAction\":[{\"@type\":\"SearchAction\",\"target\":{\"@type\":\"EntryPoint\",\"urlTemplate\":\"https:\/\/lille-audioprothesiste.com\/?s={search_term_string}\"},\"query-input\":{\"@type\":\"PropertyValueSpecification\",\"valueRequired\":true,\"valueName\":\"search_term_string\"}}],\"inLanguage\":\"fr-FR\"},{\"@type\":\"Organization\",\"@id\":\"https:\/\/lille-audioprothesiste.com\/#organization\",\"name\":\"Lille Audioprothesiste\",\"url\":\"https:\/\/lille-audioprothesiste.com\/\",\"logo\":{\"@type\":\"ImageObject\",\"inLanguage\":\"fr-FR\",\"@id\":\"https:\/\/lille-audioprothesiste.com\/#\/schema\/logo\/image\/\",\"url\":\"https:\/\/lille-audioprothesiste.com\/wp-content\/uploads\/2026\/01\/cropped-Audio-2000-audioprothesiste.png\",\"contentUrl\":\"https:\/\/lille-audioprothesiste.com\/wp-content\/uploads\/2026\/01\/cropped-Audio-2000-audioprothesiste.png\",\"width\":334,\"height\":96,\"caption\":\"Lille Audioprothesiste\"},\"image\":{\"@id\":\"https:\/\/lille-audioprothesiste.com\/#\/schema\/logo\/image\/\"}}]}<\/script>\n<!-- \/ Yoast SEO plugin. -->","yoast_head_json":{"title":"Audioproth\u00e9siste Lille \u2013 Centre auditif & appareils auditifs","description":"Audioproth\u00e9siste \u00e0 Lille, notre centre auditif vous porpose : bilan auditif, appareils auditifs premium, 100 % Sant\u00e9 et tiers payant.","robots":{"index":"index","follow":"follow","max-snippet":"max-snippet:-1","max-image-preview":"max-image-preview:large","max-video-preview":"max-video-preview:-1"},"canonical":"https:\/\/lille-audioprothesiste.com\/","og_locale":"fr_FR","og_type":"article","og_title":"Audioproth\u00e9siste Lille \u2013 Centre auditif & appareils auditifs","og_description":"Audioproth\u00e9siste \u00e0 Lille, notre centre auditif vous porpose : bilan auditif, appareils auditifs premium, 100 % Sant\u00e9 et tiers payant.","og_url":"https:\/\/lille-audioprothesiste.com\/","og_site_name":"Lille Audioprothesiste","article_modified_time":"2026-01-19T15:58:44+00:00","og_image":[{"width":1280,"height":853,"url":"https:\/\/lille-audioprothesiste.com\/wp-content\/uploads\/2026\/01\/audioprothesiste-sur-Lille-et-Lambersart.jpg","type":"image\/jpeg"}],"twitter_card":"summary_large_image","twitter_misc":{"Dur\u00e9e de lecture estim\u00e9e":"15 minutes"},"schema":{"@context":"https:\/\/schema.org","@graph":[{"@type":"WebPage","@id":"https:\/\/lille-audioprothesiste.com\/","url":"https:\/\/lille-audioprothesiste.com\/","name":"Audioproth\u00e9siste Lille \u2013 Centre auditif & appareils auditifs","isPartOf":{"@id":"https:\/\/lille-audioprothesiste.com\/#website"},"primaryImageOfPage":{"@id":"https:\/\/lille-audioprothesiste.com\/#primaryimage"},"image":{"@id":"https:\/\/lille-audioprothesiste.com\/#primaryimage"},"thumbnailUrl":"https:\/\/lille-audioprothesiste.com\/wp-content\/uploads\/2026\/01\/audioprothesiste-sur-Lille-et-Lambersart-1024x682.jpg","datePublished":"2026-01-19T14:37:03+00:00","dateModified":"2026-01-19T15:58:44+00:00","description":"Audioproth\u00e9siste \u00e0 Lille, notre centre auditif vous porpose : bilan auditif, appareils auditifs premium, 100 % Sant\u00e9 et tiers payant.","breadcrumb":{"@id":"https:\/\/lille-audioprothesiste.com\/#breadcrumb"},"inLanguage":"fr-FR","potentialAction":[{"@type":"ReadAction","target":["https:\/\/lille-audioprothesiste.com\/"]}]},{"@type":"ImageObject","inLanguage":"fr-FR","@id":"https:\/\/lille-audioprothesiste.com\/#primaryimage","url":"https:\/\/lille-audioprothesiste.com\/wp-content\/uploads\/2026\/01\/audioprothesiste-sur-Lille-et-Lambersart.jpg","contentUrl":"https:\/\/lille-audioprothesiste.com\/wp-content\/uploads\/2026\/01\/audioprothesiste-sur-Lille-et-Lambersart.jpg","width":1280,"height":853,"caption":"Manipulation d\u2019un appareil auditif dans un centre auditif \u00e0 Lille"},{"@type":"BreadcrumbList","@id":"https:\/\/lille-audioprothesiste.com\/#breadcrumb","itemListElement":[{"@type":"ListItem","position":1,"name":"Accueil","item":"https:\/\/lille-audioprothesiste.com\/"},{"@type":"ListItem","position":2,"name":"Accueil"}]},{"@type":"WebSite","@id":"https:\/\/lille-audioprothesiste.com\/#website","url":"https:\/\/lille-audioprothesiste.com\/","name":"Lille Audioprothesiste","description":"","publisher":{"@id":"https:\/\/lille-audioprothesiste.com\/#organization"},"potentialAction":[{"@type":"SearchAction","target":{"@type":"EntryPoint","urlTemplate":"https:\/\/lille-audioprothesiste.com\/?s={search_term_string}"},"query-input":{"@type":"PropertyValueSpecification","valueRequired":true,"valueName":"search_term_string"}}],"inLanguage":"fr-FR"},{"@type":"Organization","@id":"https:\/\/lille-audioprothesiste.com\/#organization","name":"Lille Audioprothesiste","url":"https:\/\/lille-audioprothesiste.com\/","logo":{"@type":"ImageObject","inLanguage":"fr-FR","@id":"https:\/\/lille-audioprothesiste.com\/#\/schema\/logo\/image\/","url":"https:\/\/lille-audioprothesiste.com\/wp-content\/uploads\/2026\/01\/cropped-Audio-2000-audioprothesiste.png","contentUrl":"https:\/\/lille-audioprothesiste.com\/wp-content\/uploads\/2026\/01\/cropped-Audio-2000-audioprothesiste.png","width":334,"height":96,"caption":"Lille Audioprothesiste"},"image":{"@id":"https:\/\/lille-audioprothesiste.com\/#\/schema\/logo\/image\/"}}]}},"_links":{"self":[{"href":"https:\/\/lille-audioprothesiste.com\/index.php?rest_route=\/wp\/v2\/pages\/8","targetHints":{"allow":["GET"]}}],"collection":[{"href":"https:\/\/lille-audioprothesiste.com\/index.php?rest_route=\/wp\/v2\/pages"}],"about":[{"href":"https:\/\/lille-audioprothesiste.com\/index.php?rest_route=\/wp\/v2\/types\/page"}],"author":[{"embeddable":true,"href":"https:\/\/lille-audioprothesiste.com\/index.php?rest_route=\/wp\/v2\/users\/1"}],"replies":[{"embeddable":true,"href":"https:\/\/lille-audioprothesiste.com\/index.php?rest_route=%2Fwp%2Fv2%2Fcomments&post=8"}],"version-history":[{"count":38,"href":"https:\/\/lille-audioprothesiste.com\/index.php?rest_route=\/wp\/v2\/pages\/8\/revisions"}],"predecessor-version":[{"id":75,"href":"https:\/\/lille-audioprothesiste.com\/index.php?rest_route=\/wp\/v2\/pages\/8\/revisions\/75"}],"wp:attachment":[{"href":"https:\/\/lille-audioprothesiste.com\/index.php?rest_route=%2Fwp%2Fv2%2Fmedia&parent=8"}],"curies":[{"name":"wp","href":"https:\/\/api.w.org\/{rel}","templated":true}]}}